
{"id":35711,"date":"2023-05-03T23:38:20","date_gmt":"2023-05-03T23:38:20","guid":{"rendered":"https:\/\/products.hellstengears.com\/en\/?post_type=product&#038;p=35711"},"modified":"2026-04-26T04:21:32","modified_gmt":"2026-04-26T04:21:32","slug":"39219-bmw-3-e92-93-coupe-cab-05-14-differential-rear-33107539775","status":"publish","type":"product","link":"https:\/\/products.hellstengears.com\/sv\/product\/39219-bmw-3-e92-93-coupe-cab-05-14-differential-rear-33107539775\/","title":{"rendered":"39219"},"content":{"rendered":"<p>Hellsten Gears AB has been in the gearbox refurbishment business since 1983. We turn old parts in to new and broken ones in to working parts again. By doing so, more parts can be recycled. A win-win situation for both the environment and the customer. Most of our products are sold as exchange parts, i.e., the broken part has to be returned to us after the new one has been fitted in to the vehicle. All our prices reflect this way of working. With a unique warranty period of 2 years for both refurbished and used units, it is safe to use us as a supplier.<\/p>\n","protected":false},"excerpt":{"rendered":"<p>Renoverad utbytesdel &#8211; 2 \u00e5rs garanti<\/p>\n","protected":false},"featured_media":60102,"comment_status":"open","ping_status":"closed","template":"","meta":{"part_no":"39219"},"product_brand":[],"product_cat":[238],"product_tag":[],"class_list":{"0":"post-35711","1":"product","2":"type-product","3":"status-publish","4":"has-post-thumbnail","6":"product_cat-differentiel-arriere","8":"first","9":"instock","10":"shipping-taxable","11":"purchasable","12":"product-type-simple"},"yoast_head":"<!-- This site is optimized with the Yoast SEO plugin v27.5 - https:\/\/yoast.com\/product\/yoast-seo-wordpress\/ -->\n<title>Renoverad-Bakre diff\/slutv\u00e4xel-33107539775-Bmw 3 E92\/93 Coupe\/cab 05-14<\/title>\n<meta name=\"description\" content=\"Hellsten Gears AB erbjuder en Renoverad %%ct_product_cat%% med originalkod 33107539775 till Bmw 3 E92\/93 Coupe\/cab 05-14. 2 \u00e5rs garanti!\" \/>\n<meta name=\"robots\" content=\"index, follow, max-snippet:-1, max-image-preview:large, max-video-preview:-1\" \/>\n<link rel=\"canonical\" href=\"https:\/\/products.hellstengears.com\/sv\/product\/39219-bmw-3-e92-93-coupe-cab-05-14-differential-rear-33107539775\/\" \/>\n<meta property=\"og:locale\" content=\"sv_SE\" \/>\n<meta property=\"og:locale:alternate\" content=\"fr_FR\" \/>\n<meta property=\"og:locale:alternate\" content=\"en_GB\" \/>\n<meta property=\"og:locale:alternate\" content=\"da_DK\" \/>\n<meta property=\"og:locale:alternate\" content=\"fi\" \/>\n<meta property=\"og:locale:alternate\" content=\"nn_NO\" \/>\n<meta property=\"og:type\" content=\"article\" \/>\n<meta property=\"og:title\" content=\"Tehdaskunnostettu-Bakre diff\/slutv\u00e4xel-33107539775-Bmw 3 E92\/93 Coupe\/cab 05-14\" \/>\n<meta property=\"og:description\" content=\"Hellsten Gears AB tarjoaa Tehdaskunnostettu Bakre diff\/slutv\u00e4xel alkuper\u00e4isell\u00e4 koodilla 33107539775for a Bmw 3 E92\/93 Coupe\/cab 05-14. 2 uoden takuu!\" \/>\n<meta property=\"og:url\" content=\"https:\/\/products.hellstengears.com\/sv\/product\/39219-bmw-3-e92-93-coupe-cab-05-14-differential-rear-33107539775\/\" \/>\n<meta property=\"og:site_name\" content=\"Hellsten Gears | S\u00f6k efter renoverade och begagnade v\u00e4xell\u00e5dor, f\u00f6rdelningsl\u00e5dor, fram-\/bakdifferentialer och turbos!\" \/>\n<meta property=\"article:publisher\" content=\"https:\/\/www.facebook.com\/hellstengearsab\" \/>\n<meta property=\"article:modified_time\" content=\"2026-04-26T04:21:32+00:00\" \/>\n<meta property=\"og:image\" content=\"https:\/\/www.dropbox.com\/s\/wtiijupma0ynwjw\/h3mv5LaagSzt5xTze8xz65WmketPkJqxIN71CWoM.jpg?raw=1\" \/>\n<meta name=\"twitter:card\" content=\"summary_large_image\" \/>\n<meta name=\"twitter:label1\" content=\"Ber\u00e4knad l\u00e4stid\" \/>\n\t<meta name=\"twitter:data1\" content=\"1 minut\" \/>\n<script type=\"application\/ld+json\" class=\"yoast-schema-graph\">{\"@context\":\"https:\\\/\\\/schema.org\",\"@graph\":[{\"@type\":\"WebPage\",\"@id\":\"https:\\\/\\\/products.hellstengears.com\\\/fr\\\/product\\\/39219-bmw-3-e92-93-coupe-cab-05-14-differential-rear-33107539775\\\/\",\"url\":\"https:\\\/\\\/products.hellstengears.com\\\/fr\\\/product\\\/39219-bmw-3-e92-93-coupe-cab-05-14-differential-rear-33107539775\\\/\",\"name\":\"Tehdaskunnostettu-Bakre diff\\\/slutv\u00e4xel-33107539775-Bmw 3 E92\\\/93 Coupe\\\/cab 05-14\",\"isPartOf\":{\"@id\":\"https:\\\/\\\/products.hellstengears.com\\\/#website\"},\"primaryImageOfPage\":{\"@id\":\"https:\\\/\\\/products.hellstengears.com\\\/fr\\\/product\\\/39219-bmw-3-e92-93-coupe-cab-05-14-differential-rear-33107539775\\\/#primaryimage\"},\"image\":{\"@id\":\"https:\\\/\\\/products.hellstengears.com\\\/fr\\\/product\\\/39219-bmw-3-e92-93-coupe-cab-05-14-differential-rear-33107539775\\\/#primaryimage\"},\"thumbnailUrl\":\"https:\\\/\\\/products.hellstengears.com\\\/wp-content\\\/uploads\\\/2023\\\/05\\\/h3mv5LaagSzt5xTze8xz65WmketPkJqxIN71CWoM-11.jpg\",\"datePublished\":\"2023-05-03T23:38:20+00:00\",\"dateModified\":\"2026-04-26T04:21:32+00:00\",\"description\":\"Hellsten Gears AB tarjoaa Tehdaskunnostettu Bakre diff\\\/slutv\u00e4xel alkuper\u00e4isell\u00e4 koodilla 33107539775for a Bmw 3 E92\\\/93 Coupe\\\/cab 05-14. 2 uoden takuu!\",\"breadcrumb\":{\"@id\":\"https:\\\/\\\/products.hellstengears.com\\\/fr\\\/product\\\/39219-bmw-3-e92-93-coupe-cab-05-14-differential-rear-33107539775\\\/#breadcrumb\"},\"inLanguage\":\"sv-SE\",\"potentialAction\":[{\"@type\":\"ReadAction\",\"target\":[\"https:\\\/\\\/products.hellstengears.com\\\/fr\\\/product\\\/39219-bmw-3-e92-93-coupe-cab-05-14-differential-rear-33107539775\\\/\"]}]},{\"@type\":\"ImageObject\",\"inLanguage\":\"sv-SE\",\"@id\":\"https:\\\/\\\/products.hellstengears.com\\\/fr\\\/product\\\/39219-bmw-3-e92-93-coupe-cab-05-14-differential-rear-33107539775\\\/#primaryimage\",\"url\":\"https:\\\/\\\/products.hellstengears.com\\\/wp-content\\\/uploads\\\/2023\\\/05\\\/h3mv5LaagSzt5xTze8xz65WmketPkJqxIN71CWoM-11.jpg\",\"contentUrl\":\"https:\\\/\\\/products.hellstengears.com\\\/wp-content\\\/uploads\\\/2023\\\/05\\\/h3mv5LaagSzt5xTze8xz65WmketPkJqxIN71CWoM-11.jpg\",\"width\":1613,\"height\":1210},{\"@type\":\"BreadcrumbList\",\"@id\":\"https:\\\/\\\/products.hellstengears.com\\\/fr\\\/product\\\/39219-bmw-3-e92-93-coupe-cab-05-14-differential-rear-33107539775\\\/#breadcrumb\",\"itemListElement\":[{\"@type\":\"ListItem\",\"position\":1,\"name\":\"Home\",\"item\":\"https:\\\/\\\/products.hellstengears.com\\\/\"},{\"@type\":\"ListItem\",\"position\":2,\"name\":\"S\u00f8g efter gearkasse dele\",\"item\":\"https:\\\/\\\/products.hellstengears.com\\\/da\\\/search-transmission-parts\\\/\"},{\"@type\":\"ListItem\",\"position\":3,\"name\":\"39219\"}]},{\"@type\":\"WebSite\",\"@id\":\"https:\\\/\\\/products.hellstengears.com\\\/#website\",\"url\":\"https:\\\/\\\/products.hellstengears.com\\\/\",\"name\":\"Hellsten Gears Search Refurbished and Used Products\",\"description\":\"Specialister sedan 1983\",\"publisher\":{\"@id\":\"https:\\\/\\\/products.hellstengears.com\\\/#organization\"},\"potentialAction\":[{\"@type\":\"SearchAction\",\"target\":{\"@type\":\"EntryPoint\",\"urlTemplate\":\"https:\\\/\\\/products.hellstengears.com\\\/?s={search_term_string}\"},\"query-input\":{\"@type\":\"PropertyValueSpecification\",\"valueRequired\":true,\"valueName\":\"search_term_string\"}}],\"inLanguage\":\"sv-SE\"},{\"@type\":\"Organization\",\"@id\":\"https:\\\/\\\/products.hellstengears.com\\\/#organization\",\"name\":\"Hellsten Gears AB\",\"url\":\"https:\\\/\\\/products.hellstengears.com\\\/\",\"logo\":{\"@type\":\"ImageObject\",\"inLanguage\":\"sv-SE\",\"@id\":\"https:\\\/\\\/products.hellstengears.com\\\/#\\\/schema\\\/logo\\\/image\\\/\",\"url\":\"https:\\\/\\\/products.hellstengears.com\\\/wp-content\\\/uploads\\\/2021\\\/11\\\/01-HellstenGears-logo-main_400-bred.png\",\"contentUrl\":\"https:\\\/\\\/products.hellstengears.com\\\/wp-content\\\/uploads\\\/2021\\\/11\\\/01-HellstenGears-logo-main_400-bred.png\",\"width\":373,\"height\":92,\"caption\":\"Hellsten Gears AB\"},\"image\":{\"@id\":\"https:\\\/\\\/products.hellstengears.com\\\/#\\\/schema\\\/logo\\\/image\\\/\"},\"sameAs\":[\"https:\\\/\\\/www.facebook.com\\\/hellstengearsab\",\"https:\\\/\\\/www.instagram.com\\\/hellstengears\\\/\",\"http:\\\/\\\/linkedin.com\\\/company\\\/hellstengears\",\"https:\\\/\\\/www.youtube.com\\\/channel\\\/UCrkdxgxiDQ31TLRnlNN9kyA\"]}]}<\/script>\n<!-- \/ Yoast SEO plugin. -->","yoast_head_json":{"title":"Renoverad-Bakre diff\/slutv\u00e4xel-33107539775-Bmw 3 E92\/93 Coupe\/cab 05-14","description":"Hellsten Gears AB erbjuder en Renoverad %%ct_product_cat%% med originalkod 33107539775 till Bmw 3 E92\/93 Coupe\/cab 05-14. 2 \u00e5rs garanti!","robots":{"index":"index","follow":"follow","max-snippet":"max-snippet:-1","max-image-preview":"max-image-preview:large","max-video-preview":"max-video-preview:-1"},"canonical":"https:\/\/products.hellstengears.com\/sv\/product\/39219-bmw-3-e92-93-coupe-cab-05-14-differential-rear-33107539775\/","og_locale":"sv_SE","og_type":"article","og_title":"Tehdaskunnostettu-Bakre diff\/slutv\u00e4xel-33107539775-Bmw 3 E92\/93 Coupe\/cab 05-14","og_description":"Hellsten Gears AB tarjoaa Tehdaskunnostettu Bakre diff\/slutv\u00e4xel alkuper\u00e4isell\u00e4 koodilla 33107539775for a Bmw 3 E92\/93 Coupe\/cab 05-14. 2 uoden takuu!","og_url":"https:\/\/products.hellstengears.com\/sv\/product\/39219-bmw-3-e92-93-coupe-cab-05-14-differential-rear-33107539775\/","og_site_name":"Hellsten Gears | S\u00f6k efter renoverade och begagnade v\u00e4xell\u00e5dor, f\u00f6rdelningsl\u00e5dor, fram-\/bakdifferentialer och turbos!","article_publisher":"https:\/\/www.facebook.com\/hellstengearsab","article_modified_time":"2026-04-26T04:21:32+00:00","og_image":[{"url":"https:\/\/www.dropbox.com\/s\/wtiijupma0ynwjw\/h3mv5LaagSzt5xTze8xz65WmketPkJqxIN71CWoM.jpg?raw=1","type":"","width":"","height":""}],"twitter_card":"summary_large_image","twitter_misc":{"Ber\u00e4knad l\u00e4stid":"1 minut"},"schema":{"@context":"https:\/\/schema.org","@graph":[{"@type":"WebPage","@id":"https:\/\/products.hellstengears.com\/fr\/product\/39219-bmw-3-e92-93-coupe-cab-05-14-differential-rear-33107539775\/","url":"https:\/\/products.hellstengears.com\/fr\/product\/39219-bmw-3-e92-93-coupe-cab-05-14-differential-rear-33107539775\/","name":"Tehdaskunnostettu-Bakre diff\/slutv\u00e4xel-33107539775-Bmw 3 E92\/93 Coupe\/cab 05-14","isPartOf":{"@id":"https:\/\/products.hellstengears.com\/#website"},"primaryImageOfPage":{"@id":"https:\/\/products.hellstengears.com\/fr\/product\/39219-bmw-3-e92-93-coupe-cab-05-14-differential-rear-33107539775\/#primaryimage"},"image":{"@id":"https:\/\/products.hellstengears.com\/fr\/product\/39219-bmw-3-e92-93-coupe-cab-05-14-differential-rear-33107539775\/#primaryimage"},"thumbnailUrl":"https:\/\/products.hellstengears.com\/wp-content\/uploads\/2023\/05\/h3mv5LaagSzt5xTze8xz65WmketPkJqxIN71CWoM-11.jpg","datePublished":"2023-05-03T23:38:20+00:00","dateModified":"2026-04-26T04:21:32+00:00","description":"Hellsten Gears AB tarjoaa Tehdaskunnostettu Bakre diff\/slutv\u00e4xel alkuper\u00e4isell\u00e4 koodilla 33107539775for a Bmw 3 E92\/93 Coupe\/cab 05-14. 2 uoden takuu!","breadcrumb":{"@id":"https:\/\/products.hellstengears.com\/fr\/product\/39219-bmw-3-e92-93-coupe-cab-05-14-differential-rear-33107539775\/#breadcrumb"},"inLanguage":"sv-SE","potentialAction":[{"@type":"ReadAction","target":["https:\/\/products.hellstengears.com\/fr\/product\/39219-bmw-3-e92-93-coupe-cab-05-14-differential-rear-33107539775\/"]}]},{"@type":"ImageObject","inLanguage":"sv-SE","@id":"https:\/\/products.hellstengears.com\/fr\/product\/39219-bmw-3-e92-93-coupe-cab-05-14-differential-rear-33107539775\/#primaryimage","url":"https:\/\/products.hellstengears.com\/wp-content\/uploads\/2023\/05\/h3mv5LaagSzt5xTze8xz65WmketPkJqxIN71CWoM-11.jpg","contentUrl":"https:\/\/products.hellstengears.com\/wp-content\/uploads\/2023\/05\/h3mv5LaagSzt5xTze8xz65WmketPkJqxIN71CWoM-11.jpg","width":1613,"height":1210},{"@type":"BreadcrumbList","@id":"https:\/\/products.hellstengears.com\/fr\/product\/39219-bmw-3-e92-93-coupe-cab-05-14-differential-rear-33107539775\/#breadcrumb","itemListElement":[{"@type":"ListItem","position":1,"name":"Home","item":"https:\/\/products.hellstengears.com\/"},{"@type":"ListItem","position":2,"name":"S\u00f8g efter gearkasse dele","item":"https:\/\/products.hellstengears.com\/da\/search-transmission-parts\/"},{"@type":"ListItem","position":3,"name":"39219"}]},{"@type":"WebSite","@id":"https:\/\/products.hellstengears.com\/#website","url":"https:\/\/products.hellstengears.com\/","name":"Hellsten Gears Search Refurbished and Used Products","description":"Specialister sedan 1983","publisher":{"@id":"https:\/\/products.hellstengears.com\/#organization"},"potentialAction":[{"@type":"SearchAction","target":{"@type":"EntryPoint","urlTemplate":"https:\/\/products.hellstengears.com\/?s={search_term_string}"},"query-input":{"@type":"PropertyValueSpecification","valueRequired":true,"valueName":"search_term_string"}}],"inLanguage":"sv-SE"},{"@type":"Organization","@id":"https:\/\/products.hellstengears.com\/#organization","name":"Hellsten Gears AB","url":"https:\/\/products.hellstengears.com\/","logo":{"@type":"ImageObject","inLanguage":"sv-SE","@id":"https:\/\/products.hellstengears.com\/#\/schema\/logo\/image\/","url":"https:\/\/products.hellstengears.com\/wp-content\/uploads\/2021\/11\/01-HellstenGears-logo-main_400-bred.png","contentUrl":"https:\/\/products.hellstengears.com\/wp-content\/uploads\/2021\/11\/01-HellstenGears-logo-main_400-bred.png","width":373,"height":92,"caption":"Hellsten Gears AB"},"image":{"@id":"https:\/\/products.hellstengears.com\/#\/schema\/logo\/image\/"},"sameAs":["https:\/\/www.facebook.com\/hellstengearsab","https:\/\/www.instagram.com\/hellstengears\/","http:\/\/linkedin.com\/company\/hellstengears","https:\/\/www.youtube.com\/channel\/UCrkdxgxiDQ31TLRnlNN9kyA"]}]}},"_links":{"self":[{"href":"https:\/\/products.hellstengears.com\/sv\/wp-json\/wp\/v2\/product\/35711","targetHints":{"allow":["GET"]}}],"collection":[{"href":"https:\/\/products.hellstengears.com\/sv\/wp-json\/wp\/v2\/product"}],"about":[{"href":"https:\/\/products.hellstengears.com\/sv\/wp-json\/wp\/v2\/types\/product"}],"replies":[{"embeddable":true,"href":"https:\/\/products.hellstengears.com\/sv\/wp-json\/wp\/v2\/comments?post=35711"}],"wp:featuredmedia":[{"embeddable":true,"href":"https:\/\/products.hellstengears.com\/sv\/wp-json\/wp\/v2\/media\/60102"}],"wp:attachment":[{"href":"https:\/\/products.hellstengears.com\/sv\/wp-json\/wp\/v2\/media?parent=35711"}],"wp:term":[{"taxonomy":"product_brand","embeddable":true,"href":"https:\/\/products.hellstengears.com\/sv\/wp-json\/wp\/v2\/product_brand?post=35711"},{"taxonomy":"product_cat","embeddable":true,"href":"https:\/\/products.hellstengears.com\/sv\/wp-json\/wp\/v2\/product_cat?post=35711"},{"taxonomy":"product_tag","embeddable":true,"href":"https:\/\/products.hellstengears.com\/sv\/wp-json\/wp\/v2\/product_tag?post=35711"}],"curies":[{"name":"wp","href":"https:\/\/api.w.org\/{rel}","templated":true}]}}